{"id":64,"date":"2017-05-22T19:27:56","date_gmt":"2017-05-22T17:27:56","guid":{"rendered":"http:\/\/www.etiennegrenier-avocat.fr\/?page_id=64"},"modified":"2026-03-16T09:24:03","modified_gmt":"2026-03-16T08:24:03","slug":"mention-legale","status":"publish","type":"page","link":"https:\/\/www.etiennegrenier-avocat.fr\/index.php\/mention-legale\/","title":{"rendered":"Mentions l\u00e9gales"},"content":{"rendered":"<h1 style=\"text-align: center;\"><span style=\"vertical-align: inherit;\"><span style=\"vertical-align: inherit;\"><span style=\"vertical-align: inherit;\"><span style=\"vertical-align: inherit;\"><span style=\"vertical-align: inherit;\"><span style=\"vertical-align: inherit;\">Mentions L\u00e9gales<\/span><\/span><\/span><\/span><\/span><\/span><\/h1>\n<h2 style=\"text-align: center;\"><span style=\"vertical-align: inherit;\"><span style=\"vertical-align: inherit;\"><span style=\"vertical-align: inherit;\"><span style=\"vertical-align: inherit;\"><span style=\"vertical-align: inherit;\"><span style=\"vertical-align: inherit;\">ETIENNE GRENIER AVOCAT<\/span><\/span><\/span><\/span><\/span><\/span><\/h2>\n<h3 style=\"text-align: center;\"><span style=\"vertical-align: inherit;\"><span style=\"vertical-align: inherit;\"><span style=\"vertical-align: inherit;\"><span style=\"vertical-align: inherit;\"><span style=\"vertical-align: inherit;\"><span style=\"vertical-align: inherit;\">&#8211; &#8211; &#8211;<\/span><\/span><\/span><\/span><\/span><\/span><\/h3>\n<h3 style=\"text-align: center;\"><span style=\"vertical-align: inherit;\"><span style=\"vertical-align: inherit;\"><span style=\"vertical-align: inherit;\"><span style=\"vertical-align: inherit;\"><span style=\"vertical-align: inherit;\"><span style=\"vertical-align: inherit;\">&#8211; Directeur de publication &#8211;<\/span><\/span><\/span><\/span><\/span><\/span><\/h3>\n<p style=\"text-align: center;\"><span style=\"vertical-align: inherit;\"><span style=\"vertical-align: inherit;\"><span style=\"vertical-align: inherit;\"><span style=\"vertical-align: inherit;\"><span style=\"vertical-align: inherit;\"><span style=\"vertical-align: inherit;\">ETIENNE GRENIER<\/span><\/span><\/span><\/span><\/span><\/span><\/p>\n<p style=\"text-align: center;\"><span style=\"vertical-align: inherit;\"><span style=\"vertical-align: inherit;\"><span style=\"vertical-align: inherit;\"><span style=\"vertical-align: inherit;\"><span style=\"vertical-align: inherit;\"><span style=\"vertical-align: inherit;\">37 rue des Trois-Conils,<\/span><\/span><\/span><\/span><\/span><\/span><\/p>\n<p style=\"text-align: center;\"><span style=\"vertical-align: inherit;\"><span style=\"vertical-align: inherit;\"><span style=\"vertical-align: inherit;\"><span style=\"vertical-align: inherit;\"><span style=\"vertical-align: inherit;\"><span style=\"vertical-align: inherit;\">33000 Bordeaux<\/span><\/span><\/span><\/span><\/span><\/span><\/p>\n<p style=\"text-align: center;\"><span style=\"vertical-align: inherit;\"><span style=\"vertical-align: inherit;\"><span style=\"vertical-align: inherit;\"><span style=\"vertical-align: inherit;\"><span style=\"vertical-align: inherit;\"><span style=\"vertical-align: inherit;\">T\u00e9l. <\/span><\/span><\/span><\/span><\/span><span class=\"LrzXr zdqRlf kno-fv\"><span style=\"vertical-align: inherit;\"><span style=\"vertical-align: inherit;\"><span style=\"vertical-align: inherit;\"><span style=\"vertical-align: inherit;\"><span style=\"vertical-align: inherit;\">05 5<\/span><\/span><\/span><\/span><\/span><span style=\"vertical-align: inherit;\"><span style=\"vertical-align: inherit;\"><span style=\"vertical-align: inherit;\"><span style=\"vertical-align: inherit;\"><span style=\"vertical-align: inherit;\">6 92 49 93<\/span><\/span><\/span><\/span><\/span><\/span><\/span><\/p>\n<p style=\"text-align: center;\"><a href=\"mailto:grenieretienne@yahoo.fr\"><span style=\"vertical-align: inherit;\"><span style=\"vertical-align: inherit;\"><span style=\"vertical-align: inherit;\"><span style=\"vertical-align: inherit;\">grenieretienne@yahoo.fr<\/span><\/span><\/span><\/span><\/a><\/p>\n<h3 style=\"text-align: center;\"><span style=\"vertical-align: inherit;\"><span style=\"vertical-align: inherit;\"><span style=\"vertical-align: inherit;\"><span style=\"vertical-align: inherit;\"><span style=\"vertical-align: inherit;\"><span style=\"vertical-align: inherit;\">&#8211; &#8211; &#8211;<\/span><\/span><\/span><\/span><\/span><\/span><\/h3>\n<h3 style=\"text-align: center;\"><span style=\"vertical-align: inherit;\"><span style=\"vertical-align: inherit;\"><span style=\"vertical-align: inherit;\"><span style=\"vertical-align: inherit;\"><span style=\"vertical-align: inherit;\"><span style=\"vertical-align: inherit;\">&#8211; Webdesign et d\u00e9veloppement web &#8211;<\/span><\/span><\/span><\/span><\/span><\/span><\/h3>\n<p style=\"text-align: center;\"><span style=\"vertical-align: inherit;\"><span style=\"vertical-align: inherit;\"><span style=\"vertical-align: inherit;\"><span style=\"vertical-align: inherit;\"><span style=\"vertical-align: inherit;\"><span style=\"vertical-align: inherit;\">Inspire<\/span><\/span><\/span><\/span><\/span><\/span><\/p>\n<p style=\"text-align: center;\"><span style=\"vertical-align: inherit;\"><span style=\"vertical-align: inherit;\"><span style=\"vertical-align: inherit;\"><span style=\"vertical-align: inherit;\"><span style=\"vertical-align: inherit;\"><span style=\"vertical-align: inherit;\">T\u00e9l. <\/span><\/span><\/span><\/span><\/span><span style=\"vertical-align: inherit;\"><span style=\"vertical-align: inherit;\"><span style=\"vertical-align: inherit;\"><span style=\"vertical-align: inherit;\"><span style=\"vertical-align: inherit;\">06 20 38 81 47 <\/span><\/span><\/span><\/span><\/span><\/span><br \/>\n<a href=\"mailto:contact@in-spire.fr\"><span style=\"vertical-align: inherit;\"><span style=\"vertical-align: inherit;\"><span style=\"vertical-align: inherit;\"><span style=\"vertical-align: inherit;\"><span style=\"vertical-align: inherit;\"><span style=\"vertical-align: inherit;\">contact@in-spire.fr<\/span><\/span><\/span><\/span><\/span><\/span><\/a><\/p>\n<p style=\"text-align: center;\"><span style=\"vertical-align: inherit;\"><span style=\"vertical-align: inherit;\"><span style=\"vertical-align: inherit;\"><span style=\"vertical-align: inherit;\"><span style=\"vertical-align: inherit;\"><span style=\"vertical-align: inherit;\">&#8211; &#8211; &#8211;<\/span><\/span><\/span><\/span><\/span><\/span><\/p>\n<h3 style=\"text-align: center;\"><span style=\"vertical-align: inherit;\"><span style=\"vertical-align: inherit;\"><span style=\"vertical-align: inherit;\"><span style=\"vertical-align: inherit;\"><span style=\"vertical-align: inherit;\"><span style=\"vertical-align: inherit;\">&#8211; H\u00e9bergement web &#8211;<\/span><\/span><\/span><\/span><\/span><\/span><\/h3>\n<p style=\"text-align: center;\"><span style=\"vertical-align: inherit;\"><span style=\"vertical-align: inherit;\"><span style=\"vertical-align: inherit;\"><span style=\"vertical-align: inherit;\"><span style=\"vertical-align: inherit;\"><span style=\"vertical-align: inherit;\">OVH <\/span><\/span><\/span><\/span><\/span><\/span><br \/>\n<span id=\"u902-48\"><span style=\"vertical-align: inherit;\"><span style=\"vertical-align: inherit;\"><span style=\"vertical-align: inherit;\"><span style=\"vertical-align: inherit;\"><span style=\"vertical-align: inherit;\"><span style=\"vertical-align: inherit;\">Ovh\u00a0<\/span><\/span><\/span><\/span><\/span><\/span><\/span><span style=\"vertical-align: inherit;\"><span style=\"vertical-align: inherit;\"><span style=\"vertical-align: inherit;\"><span style=\"vertical-align: inherit;\"><span style=\"vertical-align: inherit;\"><span style=\"vertical-align: inherit;\"> 2 rue Kellermann 59100 Roubaix France<\/span><\/span><\/span><\/span><\/span><\/span><\/p>\n<p style=\"text-align: center;\"><span style=\"vertical-align: inherit;\"><span style=\"vertical-align: inherit;\"><span style=\"vertical-align: inherit;\"><span style=\"vertical-align: inherit;\"><span style=\"vertical-align: inherit;\"><span style=\"vertical-align: inherit;\">www.ovh.com<\/span><\/span><\/span><\/span><\/span><\/span><\/p>\n<h3 style=\"text-align: center;\"><span style=\"vertical-align: inherit;\"><span style=\"vertical-align: inherit;\"><span style=\"vertical-align: inherit;\"><span style=\"vertical-align: inherit;\"><span style=\"vertical-align: inherit;\"><span style=\"vertical-align: inherit;\">Personnel de protection et de traitement de donn\u00e9es \u00e0 caract\u00e8re personnel<\/span><\/span><\/span><\/span><\/span><\/span><\/h3>\n<h3 style=\"text-align: center;\"><span style=\"vertical-align: inherit;\"><span style=\"vertical-align: inherit;\"><span style=\"vertical-align: inherit;\"><span style=\"vertical-align: inherit;\"><span style=\"vertical-align: inherit;\"><span style=\"vertical-align: inherit;\">&#8211; &#8211; &#8211;<\/span><\/span><\/span><\/span><\/span><\/span><\/h3>\n<p style=\"text-align: center;\"><span style=\"vertical-align: inherit;\"><span style=\"vertical-align: inherit;\"><span style=\"vertical-align: inherit;\"><span style=\"vertical-align: inherit;\"><span style=\"vertical-align: inherit;\"><span style=\"vertical-align: inherit;\">Les donn\u00e9es personnelles collect\u00e9es sur le site sont uniquement destin\u00e9es \u00e0 un usage interne. <\/span><\/span><\/span><\/span><\/span><span style=\"vertical-align: inherit;\"><span style=\"vertical-align: inherit;\"><span style=\"vertical-align: inherit;\"><span style=\"vertical-align: inherit;\"><span style=\"vertical-align: inherit;\">En aucun cas ces donn\u00e9es ne seront c\u00e9d\u00e9es ou vendues \u00e0 des tiers.<\/span><\/span><\/span><\/span><\/span><\/span><\/p>\n<p style=\"text-align: center;\"><span style=\"vertical-align: inherit;\"><span style=\"vertical-align: inherit;\"><span style=\"vertical-align: inherit;\"><span style=\"vertical-align: inherit;\"><span style=\"vertical-align: inherit;\"><span style=\"vertical-align: inherit;\">Conform\u00e9ment \u00e0 la loi \u00abinformatique et libert\u00e9s\u00bb du 6 janvier 1978 modifi\u00e9e en 2004, vous b\u00e9n\u00e9ficiez d&rsquo;un droit de rectification avec information, vous pouvez exercer, vous pouvez vous adresser \u00e0:<\/span><\/span><\/span><\/span><\/span><\/span><\/p>\n<h3 style=\"text-align: center;\"><span style=\"vertical-align: inherit;\"><span style=\"vertical-align: inherit;\"><span style=\"vertical-align: inherit;\"><span style=\"vertical-align: inherit;\"><span style=\"vertical-align: inherit;\"><span style=\"vertical-align: inherit;\">&#8211; &#8211; &#8211;<\/span><\/span><\/span><\/span><\/span><\/span><\/h3>\n<h3 style=\"text-align: center;\"><span style=\"vertical-align: inherit;\"><span style=\"vertical-align: inherit;\"><span style=\"vertical-align: inherit;\"><span style=\"vertical-align: inherit;\"><span style=\"vertical-align: inherit;\"><span style=\"vertical-align: inherit;\">&#8211; Protection litt\u00e9raire et artistique &#8211;<\/span><\/span><\/span><\/span><\/span><\/span><\/h3>\n<p style=\"text-align: center;\"><span style=\"vertical-align: inherit;\"><span style=\"vertical-align: inherit;\"><span style=\"vertical-align: inherit;\"><span style=\"vertical-align: inherit;\">Selon l&rsquo;article L.122-4 du code de la propri\u00e9t\u00e9 intellectuelle \u00abToute repr\u00e9sentation ou reproduction int\u00e9grale ou partielle faite sans consentement de l&rsquo;auteur ou de ses ayants droit ou ayants cause est illicite. <\/span><\/span><\/span><span style=\"vertical-align: inherit;\"><span style=\"vertical-align: inherit;\"><span style=\"vertical-align: inherit;\">C\u2019est aussi \u00e0 la Traduction, Adaptation ou Transformation, Arrangement ou Reproduction <\/span><\/span><\/span><span style=\"vertical-align: inherit;\"><span style=\"vertical-align: inherit;\"><span style=\"vertical-align: inherit;\">\u00bb<\/span><\/span><\/span><\/span><\/p>\n<p style=\"text-align: center;\"><span style=\"vertical-align: inherit;\"><span style=\"vertical-align: inherit;\"><span style=\"vertical-align: inherit;\"><span style=\"vertical-align: inherit;\">La structure g\u00e9n\u00e9rale, ainsi, les logiciels, les textes, les images anim\u00e9es ou corrig\u00e9es, les fils, le savoir-faire, les dessins, les graphismes, les noms de produits, les marques cit\u00e9es, les logos ou tout autre \u00e9l\u00e9ment constituant le site sont la propri\u00e9t\u00e9 exclusive de leur objet d&rsquo;une licence ou d&rsquo;une autorisation expresse de leur propri\u00e9taire aux fins de leur repr\u00e9sentation. <\/span><\/span><\/span><\/span><br \/>\n<span style=\"vertical-align: inherit;\"><span style=\"vertical-align: inherit;\"><span style=\"vertical-align: inherit;\"><span style=\"vertical-align: inherit;\">Toute reproduction et \/ ou repr\u00e9sentation totale ou partielle du site Internet par quelque chose que ce soit, sans autorisation expresse, \u00e9crite et pr\u00e9alable de leur propri\u00e9taire, est interdite, et est constitutif de contrefa\u00e7on. <\/span><\/span><\/span><span style=\"vertical-align: inherit;\"><span style=\"vertical-align: inherit;\"><span style=\"vertical-align: inherit;\">Ceci n&rsquo;est pas disponible dans la base des donn\u00e9es est disponible sur le site Internet est disponible pour la s\u00e9curit\u00e9 de la loi du 1er juillet 1998. des bases de donn\u00e9es.<\/span><\/span><\/span><\/span><\/p>\n<h3 style=\"text-align: center;\"><span style=\"vertical-align: inherit;\"><span style=\"vertical-align: inherit;\"><span style=\"vertical-align: inherit;\"><span style=\"vertical-align: inherit;\">&#8211; &#8211; &#8211;<\/span><\/span><\/span><\/span><\/h3>\n<h3 style=\"text-align: center;\"><span style=\"vertical-align: inherit;\"><span style=\"vertical-align: inherit;\"><span style=\"vertical-align: inherit;\"><span style=\"vertical-align: inherit;\"><span style=\"vertical-align: inherit;\"><span style=\"vertical-align: inherit;\">&#8211; Utilisation des conditions de modification &#8211;<\/span><\/span><\/span><\/span><\/span><\/span><\/h3>\n<p style=\"text-align: center;\"><span style=\"vertical-align: inherit;\"><span style=\"vertical-align: inherit;\"><span style=\"vertical-align: inherit;\"><span style=\"vertical-align: inherit;\"><span style=\"vertical-align: inherit;\"><span style=\"vertical-align: inherit;\">Etienne Grenier se r\u00e9serve la possibilit\u00e9 de modifier, \u00e0 tout moment et sans pr\u00e9avis, les conditions d&rsquo;utilisation afin de l&rsquo;adapter aux \u00e9volutions du site et \/ ou de son exploitation. <\/span><\/span><\/span><\/span><\/span><span style=\"vertical-align: inherit;\"><span style=\"vertical-align: inherit;\"><span style=\"vertical-align: inherit;\"><span style=\"vertical-align: inherit;\"><span style=\"vertical-align: inherit;\">L&rsquo;utilisateur s&rsquo;engage donc \u00e0 consulter r\u00e9guli\u00e8rement.<\/span><\/span><\/span><\/span><\/span><\/span><\/p>\n","protected":false},"excerpt":{"rendered":"<p>Mentions L\u00e9gales ETIENNE GRENIER AVOCAT &#8211; &#8211; &#8211; &#8211; Directeur de publication &#8211; ETIENNE GRENIER 37 rue des Trois-Conils, 33000 Bordeaux T\u00e9l. 05 56 92 49 93 grenieretienne@yahoo.fr &#8211; &#8211; &#8211; &#8211; Webdesign et d\u00e9veloppement web &#8211; Inspire T\u00e9l. 06 [&hellip;]<\/p>\n","protected":false},"author":1,"featured_media":0,"parent":0,"menu_order":0,"comment_status":"closed","ping_status":"closed","template":"page-templates\/page_fullwidth.php","meta":{"jetpack_post_was_ever_published":false,"footnotes":""},"class_list":["post-64","page","type-page","status-publish","hentry","clearfix"],"yoast_head":"<!-- This site is optimized with the Yoast SEO plugin v27.3 - https:\/\/yoast.com\/product\/yoast-seo-wordpress\/ -->\n<title>Mentions l\u00e9gales - Etienne Grenier<\/title>\n<meta name=\"robots\" content=\"index, follow, max-snippet:-1, max-image-preview:large, max-video-preview:-1\" \/>\n<link rel=\"canonical\" href=\"https:\/\/www.etiennegrenier-avocat.fr\/index.php\/mention-legale\/\" \/>\n<meta property=\"og:locale\" content=\"fr_FR\" \/>\n<meta property=\"og:type\" content=\"article\" \/>\n<meta property=\"og:title\" content=\"Mentions l\u00e9gales - Etienne Grenier\" \/>\n<meta property=\"og:description\" content=\"Mentions L\u00e9gales ETIENNE GRENIER AVOCAT &#8211; &#8211; &#8211; &#8211; Directeur de publication &#8211; ETIENNE GRENIER 37 rue des Trois-Conils, 33000 Bordeaux T\u00e9l. 05 56 92 49 93 grenieretienne@yahoo.fr &#8211; &#8211; &#8211; &#8211; Webdesign et d\u00e9veloppement web &#8211; Inspire T\u00e9l. 06 [&hellip;]\" \/>\n<meta property=\"og:url\" content=\"https:\/\/www.etiennegrenier-avocat.fr\/index.php\/mention-legale\/\" \/>\n<meta property=\"og:site_name\" content=\"Etienne Grenier\" \/>\n<meta property=\"article:modified_time\" content=\"2026-03-16T08:24:03+00:00\" \/>\n<meta name=\"twitter:card\" content=\"summary_large_image\" \/>\n<meta name=\"twitter:label1\" content=\"Dur\u00e9e de lecture est.\" \/>\n\t<meta name=\"twitter:data1\" content=\"2 minutes\" \/>\n<script type=\"application\/ld+json\" class=\"yoast-schema-graph\">{\"@context\":\"https:\\\/\\\/schema.org\",\"@graph\":[{\"@type\":\"WebPage\",\"@id\":\"https:\\\/\\\/www.etiennegrenier-avocat.fr\\\/index.php\\\/mention-legale\\\/\",\"url\":\"https:\\\/\\\/www.etiennegrenier-avocat.fr\\\/index.php\\\/mention-legale\\\/\",\"name\":\"Mentions l\u00e9gales - Etienne Grenier\",\"isPartOf\":{\"@id\":\"https:\\\/\\\/www.etiennegrenier-avocat.fr\\\/#website\"},\"datePublished\":\"2017-05-22T17:27:56+00:00\",\"dateModified\":\"2026-03-16T08:24:03+00:00\",\"breadcrumb\":{\"@id\":\"https:\\\/\\\/www.etiennegrenier-avocat.fr\\\/index.php\\\/mention-legale\\\/#breadcrumb\"},\"inLanguage\":\"fr-BE\",\"potentialAction\":[{\"@type\":\"ReadAction\",\"target\":[\"https:\\\/\\\/www.etiennegrenier-avocat.fr\\\/index.php\\\/mention-legale\\\/\"]}]},{\"@type\":\"BreadcrumbList\",\"@id\":\"https:\\\/\\\/www.etiennegrenier-avocat.fr\\\/index.php\\\/mention-legale\\\/#breadcrumb\",\"itemListElement\":[{\"@type\":\"ListItem\",\"position\":1,\"name\":\"Accueil\",\"item\":\"https:\\\/\\\/www.etiennegrenier-avocat.fr\\\/\"},{\"@type\":\"ListItem\",\"position\":2,\"name\":\"Mentions l\u00e9gales\"}]},{\"@type\":\"WebSite\",\"@id\":\"https:\\\/\\\/www.etiennegrenier-avocat.fr\\\/#website\",\"url\":\"https:\\\/\\\/www.etiennegrenier-avocat.fr\\\/\",\"name\":\"Etienne Grenier\",\"description\":\"Avocat \u00e0 la Cour\",\"potentialAction\":[{\"@type\":\"SearchAction\",\"target\":{\"@type\":\"EntryPoint\",\"urlTemplate\":\"https:\\\/\\\/www.etiennegrenier-avocat.fr\\\/?s={search_term_string}\"},\"query-input\":{\"@type\":\"PropertyValueSpecification\",\"valueRequired\":true,\"valueName\":\"search_term_string\"}}],\"inLanguage\":\"fr-BE\"}]}<\/script>\n<!-- \/ Yoast SEO plugin. -->","yoast_head_json":{"title":"Mentions l\u00e9gales - Etienne Grenier","robots":{"index":"index","follow":"follow","max-snippet":"max-snippet:-1","max-image-preview":"max-image-preview:large","max-video-preview":"max-video-preview:-1"},"canonical":"https:\/\/www.etiennegrenier-avocat.fr\/index.php\/mention-legale\/","og_locale":"fr_FR","og_type":"article","og_title":"Mentions l\u00e9gales - Etienne Grenier","og_description":"Mentions L\u00e9gales ETIENNE GRENIER AVOCAT &#8211; &#8211; &#8211; &#8211; Directeur de publication &#8211; ETIENNE GRENIER 37 rue des Trois-Conils, 33000 Bordeaux T\u00e9l. 05 56 92 49 93 grenieretienne@yahoo.fr &#8211; &#8211; &#8211; &#8211; Webdesign et d\u00e9veloppement web &#8211; Inspire T\u00e9l. 06 [&hellip;]","og_url":"https:\/\/www.etiennegrenier-avocat.fr\/index.php\/mention-legale\/","og_site_name":"Etienne Grenier","article_modified_time":"2026-03-16T08:24:03+00:00","twitter_card":"summary_large_image","twitter_misc":{"Dur\u00e9e de lecture est.":"2 minutes"},"schema":{"@context":"https:\/\/schema.org","@graph":[{"@type":"WebPage","@id":"https:\/\/www.etiennegrenier-avocat.fr\/index.php\/mention-legale\/","url":"https:\/\/www.etiennegrenier-avocat.fr\/index.php\/mention-legale\/","name":"Mentions l\u00e9gales - Etienne Grenier","isPartOf":{"@id":"https:\/\/www.etiennegrenier-avocat.fr\/#website"},"datePublished":"2017-05-22T17:27:56+00:00","dateModified":"2026-03-16T08:24:03+00:00","breadcrumb":{"@id":"https:\/\/www.etiennegrenier-avocat.fr\/index.php\/mention-legale\/#breadcrumb"},"inLanguage":"fr-BE","potentialAction":[{"@type":"ReadAction","target":["https:\/\/www.etiennegrenier-avocat.fr\/index.php\/mention-legale\/"]}]},{"@type":"BreadcrumbList","@id":"https:\/\/www.etiennegrenier-avocat.fr\/index.php\/mention-legale\/#breadcrumb","itemListElement":[{"@type":"ListItem","position":1,"name":"Accueil","item":"https:\/\/www.etiennegrenier-avocat.fr\/"},{"@type":"ListItem","position":2,"name":"Mentions l\u00e9gales"}]},{"@type":"WebSite","@id":"https:\/\/www.etiennegrenier-avocat.fr\/#website","url":"https:\/\/www.etiennegrenier-avocat.fr\/","name":"Etienne Grenier","description":"Avocat \u00e0 la Cour","potentialAction":[{"@type":"SearchAction","target":{"@type":"EntryPoint","urlTemplate":"https:\/\/www.etiennegrenier-avocat.fr\/?s={search_term_string}"},"query-input":{"@type":"PropertyValueSpecification","valueRequired":true,"valueName":"search_term_string"}}],"inLanguage":"fr-BE"}]}},"jetpack_sharing_enabled":true,"jetpack_shortlink":"https:\/\/wp.me\/P8LLNm-12","_links":{"self":[{"href":"https:\/\/www.etiennegrenier-avocat.fr\/index.php\/wp-json\/wp\/v2\/pages\/64","targetHints":{"allow":["GET"]}}],"collection":[{"href":"https:\/\/www.etiennegrenier-avocat.fr\/index.php\/wp-json\/wp\/v2\/pages"}],"about":[{"href":"https:\/\/www.etiennegrenier-avocat.fr\/index.php\/wp-json\/wp\/v2\/types\/page"}],"author":[{"embeddable":true,"href":"https:\/\/www.etiennegrenier-avocat.fr\/index.php\/wp-json\/wp\/v2\/users\/1"}],"replies":[{"embeddable":true,"href":"https:\/\/www.etiennegrenier-avocat.fr\/index.php\/wp-json\/wp\/v2\/comments?post=64"}],"version-history":[{"count":8,"href":"https:\/\/www.etiennegrenier-avocat.fr\/index.php\/wp-json\/wp\/v2\/pages\/64\/revisions"}],"predecessor-version":[{"id":2894,"href":"https:\/\/www.etiennegrenier-avocat.fr\/index.php\/wp-json\/wp\/v2\/pages\/64\/revisions\/2894"}],"wp:attachment":[{"href":"https:\/\/www.etiennegrenier-avocat.fr\/index.php\/wp-json\/wp\/v2\/media?parent=64"}],"curies":[{"name":"wp","href":"https:\/\/api.w.org\/{rel}","templated":true}]}}